{"id":2925,"date":"2025-04-16T15:13:43","date_gmt":"2025-04-16T16:13:43","guid":{"rendered":"https:\/\/usism.azores.gov.pt\/wp\/?page_id=2925"},"modified":"2025-04-16T15:13:43","modified_gmt":"2025-04-16T16:13:43","slug":"dia-mundial-da-voz-16-de-abril","status":"publish","type":"page","link":"https:\/\/usism.azores.gov.pt\/wp\/?page_id=2925","title":{"rendered":"Dia Mundial da Voz &#8211; 16 de abril"},"content":{"rendered":"<p>16 de abril \u00e9 dia de Comemorar a Voz! O Dia Mundial da Voz foi criado com a finalidade de mostrar o papel significativo da voz, prevenir doen\u00e7as da laringe e aumentar a consciencializa\u00e7\u00e3o sobre a sa\u00fade vocal. Foi comemorado, pela primeira vez, em 2003, por sugest\u00e3o do professor de \u00a0Otorrinolaringologia, M\u00e1rio Andrea, da Faculdade de Medicina de Lisboa, na primeira reuni\u00e3o da Sociedade Europeia de Laringologia (<em>European Society of Laringology<\/em>), \u00e0 qual presidiu (<a href=\"#_ftn1\" name=\"_ftnref1\">[1]<\/a>).<\/p>\n<p><strong><em>Porqu\u00ea comemorar o Dia Mundial da Voz?<\/em><\/strong><\/p>\n<p>A voz desempenha um papel crucial na vida humana. Representa um meio essencial para a comunica\u00e7\u00e3o com os outros, viabilizando a partilha de pensamentos, emo\u00e7\u00f5es e ideias que permitem, consequentemente, a intera\u00e7\u00e3o social e a constru\u00e7\u00e3o de rela\u00e7\u00f5es.\u00a0Por representar a forma mais importante de express\u00e3o e comunica\u00e7\u00e3o, qualquer dist\u00farbio da voz pode ter profundas implica\u00e7\u00f5es na vida social e profissional de uma pessoa (<a href=\"#_ftn2\" name=\"_ftnref2\">[2]<\/a>).<\/p>\n<p><strong><em>Como \u00e9 emitida a voz?<\/em><\/strong><\/p>\n<p>O processo fisiol\u00f3gico que elucida a capacidade de produ\u00e7\u00e3o da voz explica-se de forma simples. A voz \u00e9 produzida pela press\u00e3o de ar vinda dos pulm\u00f5es, que faz vibrar as pregas vocais, provocando um som que \u00e9 articulado e modificado na boca e amplificado nas cavidades de resson\u00e2ncia (garganta, nariz e boca). Para que a voz se ou\u00e7a, o som deve ser impelido por uma onda sonora est\u00e1vel decorrente de um processo de vibra\u00e7\u00e3o.<\/p>\n<p><strong><em>O que s\u00e3o as pregas vocais?<\/em><\/strong><\/p>\n<p>As pregas vocais, vulgarmente conhecidas por \u201ccordas vocais\u201d, s\u00e3o as estruturas, existentes na laringe, diretamente respons\u00e1veis pela vibra\u00e7\u00e3o da qual resulta o som produzido aquando da passagem de ar na expira\u00e7\u00e3o. Como resultado de uma s\u00e9rie de aberturas\/fechos das pregas vocais, geram-se varia\u00e7\u00f5es de press\u00e3o no interior do fluxo do ar, que d\u00e3o origem a diferentes sons (<a href=\"#_ftn3\" name=\"_ftnref3\">[3]<\/a>).<\/p>\n<p>A produ\u00e7\u00e3o vocal est\u00e1 dependente de tr\u00eas sistemas que trabalham em simult\u00e2neo e em inter-articula\u00e7ao: sistema respirat\u00f3rio, sistema fonador e sistema ressonador. A \u201ccontrolar\u201d tudo isto, ainda existe um quarto sistema, o sistema nervoso (2).<\/p>\n<p><strong>Que fatores poder\u00e3o contribuir para o risco de desenvolver problemas com a voz?<\/strong><\/p>\n<p>Algumas condi\u00e7\u00f5es poder\u00e3o ser contribuintes ao desenvolvimento de problemas associados ao aparelho fonador podendo manifestar-se, nomeadamente atrav\u00e9s de rouquid\u00e3o. Estes fatores poder\u00e3o ser: o tabagismo (tamb\u00e9m o principal fator de risco para carcinoma de laringe); consumo excessivo de \u00e1lcool; refluxo gastroesof\u00e1gico; Diabetes Mellitus tipo 2 (por situa\u00e7\u00f5es de neuropatia e ou controle glic\u00eamico deficiente); uso profissional da voz (por exemplo, professores, atores e cantores); fatores ambientais como condi\u00e7\u00f5es prec\u00e1rias de ac\u00fastica (que conduzem ao uso da voz em esfor\u00e7o); presen\u00e7a de irritantes atmosf\u00e9ricos ou baixa humidade (3).<\/p>\n<p><strong>Como se manifestam, problemas na voz?<\/strong><\/p>\n<p>A rouquid\u00e3o \u00e9 uma forma de disfonia \u00e0 qual deve estar alerta. Quando a rouquid\u00e3o tem mais de duas semanas de dura\u00e7\u00e3o ou n\u00e3o tem causa \u00f3bvia, ela deve ser avaliada por um m\u00e9dico (1).<\/p>\n<p><strong>Que cuidados devo ter com a minha voz?<\/strong><\/p>\n<p>Perante situa\u00e7\u00f5es que possam exigir o uso continuado ou sob esfor\u00e7o da voz, est\u00e3o recomendados alguns exerc\u00edcios de aquecimento que, para al\u00e9m melhorarem a qualidade dos sons emitidos, ajudam a prevenir les\u00f5es vocais. Propomos, aqui um exerc\u00edcio de relaxamento da respira\u00e7\u00e3o cujo intuito \u00e9 libertar a tens\u00e3o frequentemente associada ao mecanismo respirat\u00f3rio, que pode interferir na produ\u00e7\u00e3o eficaz da voz: inspire calmamente e expire. Certifique-se de que seus ombros e peito est\u00e3o relaxados. Repita, v\u00e1rias vezes esta respira\u00e7\u00e3o lenta e profunda, certificando-se de que os seus movimentos respirat\u00f3rios est\u00e3o focados no abd\u00f3men e que n\u00e3o h\u00e1 tens\u00e3o no peito, pesco\u00e7o ou ombros (3). Cuide de si e da sua voz tamb\u00e9m!<\/p>\n<p>&nbsp;<\/p>\n<hr \/>\n<p>&nbsp;<\/p>\n<p><a href=\"#_ftnref1\" name=\"_ftn1\"><\/a>([1]) \u00a0Servi\u00e7o Nacional de Sa\u00fade \u2013 Dia Mundial da Voz \u2013 dispon\u00edvel para consulta em: <a href=\"https:\/\/www.sns.gov.pt\/noticias\/2018\/04\/16\/dia-mundial-da-voz-2\/\">https:\/\/www.sns.gov.pt\/noticias\/2018\/04\/16\/dia-mundial-da-voz-2\/<\/a>, acedido a 16\/04\/2025<\/p>\n<p><a href=\"#_ftnref2\" name=\"_ftn2\"><\/a>([2]) Fukuyama, E. E. (2001). An\u00e1lise ac\u00fastica da voz captada na faringe pr\u00f3ximo \u00e0 fonte gl\u00f3tica atrav\u00e9s de microfone acoplado ao fibrolaringosc\u00f3pio.\u00a0Revista Brasileira de Otorrinolaringologia,\u00a067, 776-786. Dispon\u00edvel em <a href=\"https:\/\/www.scielo.br\/j\/rboto\/a\/7hPKNgNp9CLYrW39fCQbc4b\/\">https:\/\/www.scielo.br\/j\/rboto\/a\/7hPKNgNp9CLYrW39fCQbc4b\/<\/a>, acedido a 16\/04\/2025.<\/p>\n<p><a href=\"#_ftnref3\" name=\"_ftn3\"><\/a>([3]) World Voice Day \u2013 Voice Production \u2013 dispon\u00edvel para consulta em \u00a0<a href=\"https:\/\/worldvoiceday.org\/wvd-edu\/the-voice-production-2\/\">https:\/\/worldvoiceday.org\/wvd-edu\/the-voice-production-2\/<\/a>, acedido a 16\/04\/2025<\/p>\n","protected":false},"excerpt":{"rendered":"<p>16 de abril \u00e9 dia de Comemorar a Voz! O Dia Mundial da Voz foi criado com a finalidade de mostrar o papel significativo da voz, prevenir doen\u00e7as da laringe e aumentar a consciencializa\u00e7\u00e3o sobre a sa\u00fade vocal. Foi comemorado, pela primeira vez, em 2003, por sugest\u00e3o do professor de \u00a0Otorrinolaringologia, M\u00e1rio Andrea, da Faculdade [&hellip;]<\/p>\n","protected":false},"author":8,"featured_media":2926,"parent":971,"menu_order":0,"comment_status":"closed","ping_status":"closed","template":"","meta":{"footnotes":""},"class_list":["post-2925","page","type-page","status-publish","has-post-thumbnail","hentry"],"_links":{"self":[{"href":"https:\/\/usism.azores.gov.pt\/wp\/index.php?rest_route=\/wp\/v2\/pages\/2925","targetHints":{"allow":["GET"]}}],"collection":[{"href":"https:\/\/usism.azores.gov.pt\/wp\/index.php?rest_route=\/wp\/v2\/pages"}],"about":[{"href":"https:\/\/usism.azores.gov.pt\/wp\/index.php?rest_route=\/wp\/v2\/types\/page"}],"author":[{"embeddable":true,"href":"https:\/\/usism.azores.gov.pt\/wp\/index.php?rest_route=\/wp\/v2\/users\/8"}],"replies":[{"embeddable":true,"href":"https:\/\/usism.azores.gov.pt\/wp\/index.php?rest_route=%2Fwp%2Fv2%2Fcomments&post=2925"}],"version-history":[{"count":1,"href":"https:\/\/usism.azores.gov.pt\/wp\/index.php?rest_route=\/wp\/v2\/pages\/2925\/revisions"}],"predecessor-version":[{"id":2927,"href":"https:\/\/usism.azores.gov.pt\/wp\/index.php?rest_route=\/wp\/v2\/pages\/2925\/revisions\/2927"}],"up":[{"embeddable":true,"href":"https:\/\/usism.azores.gov.pt\/wp\/index.php?rest_route=\/wp\/v2\/pages\/971"}],"wp:featuredmedia":[{"embeddable":true,"href":"https:\/\/usism.azores.gov.pt\/wp\/index.php?rest_route=\/wp\/v2\/media\/2926"}],"wp:attachment":[{"href":"https:\/\/usism.azores.gov.pt\/wp\/index.php?rest_route=%2Fwp%2Fv2%2Fmedia&parent=2925"}],"curies":[{"name":"wp","href":"https:\/\/api.w.org\/{rel}","templated":true}]}}